{"id":289,"date":"2010-10-15T20:48:37","date_gmt":"2010-10-15T18:48:37","guid":{"rendered":"http:\/\/roan.junselebyar.se\/?page_id=289"},"modified":"2010-10-22T19:52:35","modified_gmt":"2010-10-22T17:52:35","slug":"nicke","status":"publish","type":"page","link":"https:\/\/roan.junselebyar.se\/?page_id=289","title":{"rendered":"Nicke"},"content":{"rendered":"<p><a href=\"http:\/\/roan.junselebyar.se\/nyheter\/wp-content\/uploads\/2010\/10\/nickesjodin.jpg\"><\/a><\/p>\n<div class=\"mceTemp\">\n<p><a href=\"http:\/\/roan.junselebyar.se\/nyheter\/wp-content\/uploads\/2010\/10\/Nicke_med_pennan3.jpg\"><img loading=\"lazy\" decoding=\"async\" class=\"size-full wp-image-356   alignnone\" title=\"Nicke\" src=\"http:\/\/roan.junselebyar.se\/nyheter\/wp-content\/uploads\/2010\/10\/Nicke_med_pennan3.jpg\" alt=\"Nicke_med_pennan3\" width=\"440\" height=\"241\" srcset=\"https:\/\/roan.junselebyar.se\/nyheter\/wp-content\/uploads\/2010\/10\/Nicke_med_pennan3.jpg 440w, https:\/\/roan.junselebyar.se\/nyheter\/wp-content\/uploads\/2010\/10\/Nicke_med_pennan3-300x164.jpg 300w\" sizes=\"auto, (max-width: 440px) 100vw, 440px\" \/><\/a><\/p>\n<p>\u00a0<em>I skrivlyan p\u00e5 Bruket i Sollefte\u00e5.\u00a0 Foto: H\u00e5kan Humla Sundsvalls Tidning.<\/em><\/p>\n<p>Nils-Eric &#8220;Nicke&#8221; Sj\u00f6din 1934.07.21 &#8211; 2009.04.09.\u00a0<\/p>\n<p style=\"PADDING-BOTTOM: 0pt; PADDING-TOP: 0pt\">St\u00f6d <a href=\"http:\/\/www.nickefonden.se\/\" target=\"_blank\">Nicke Sj\u00f6dins\u00a0minnesfond<\/a>,\u00a0Bankgiro 401-3900<\/p>\n<p style=\"PADDING-BOTTOM: 0pt; PADDING-TOP: 0pt\">\u00a0<\/p>\n<p>Arbetade som gymnasiel\u00e4rare i Sollefte\u00e5. 1981 utkom hans f\u00f6rsta bok &#8216;Byssfolke&#8217; &#8211; skriven p\u00e5 genuint R\u00f6\u00e5-m\u00e5l.<\/p>\n<p>Nicke har genom sin verksamhet f\u00f6rs\u00f6kt g\u00f6ra v\u00e5r by k\u00e4nd \u00e4ven via tidningar, radio och TV och dialekten &#8211; som han i sin ungdom tvingades ta avst\u00e5nd fr\u00e5n &#8211; accepteras nu av de flesta. Revansch, ville han g\u00e4rna sj\u00e4lv kalla det.Vid sidan av en m\u00e4ngd mediala framtr\u00e4danden hade han ocks\u00e5 m\u00e5nga uppdrag &#8220;live&#8221;, d\u00e5 han for omkring i landet och talade om byn mm p\u00e5 byns egen dialekt.<\/p>\n<p>Hyllningen till lagledaren Nils Johansson &#8211; som tog R\u00f6\u00e5ns IF fr\u00e5n div 7 till div 6 torde vara v\u00e4lk\u00e4nd \u00f6ver stora delar av v\u00e5rt land. S\u00e5 har exempelvis sportf\u00f6retaget JOFA dikten tryckt p\u00e5 sina benskydds-f\u00f6rpackningar, och i Polen anv\u00e4nds den m fl i universitets-undervisningen i svenska. Ur <em>Od\u00f4gdern<\/em>. Utgiven 1985.<\/p>\n<p>\/Brita<\/p>\n<p><em>Lagledar va du<br \/>\nbar v\u00e4skern \u00e5 l\u00e4st&#8217;n<br \/>\n\u00e5 remn\u00e5la h\u00e4ri keps&#8217;n.<\/em><\/p>\n<p><em>Om vi l\u00e5g \u00f4nner<br \/>\nv\u00e4 5-0 i halvtid sa du:<br \/>\n\u00bbD\u00e4 g\u00e5 fint, pojka.<br \/>\nVi ta dom.\u00ab<br \/>\nSen f\u00f6rlore vi<br \/>\nv\u00e4 9-0<br \/>\n\u00e5 kaste lerb\u00f4xern<br \/>\n\u00e5 benskydda p\u00e5 d\u00e4g<br \/>\n\u00e5 lova ti h\u00e4rms&#8217;n:<br \/>\n\u00bbAldri mer nan fotboll.\u00ab<\/em><\/p>\n<p><em>Men du t\u00e4nne pipa \u00e5 sa:<br \/>\n\u00bbN\u00e4ste s\u00f6ndag ha vi T\u00e5sj\u00f6a.<br \/>\nDom ta vi.\u00ab<\/em><\/p>\n<p><em>Ende kritiken du hade<br \/>\nva d\u00e5 vi sk\u00f6t f\u00f6r l\u00f6st:<br \/>\n\u00abSi h\u00f4r han skjut!<br \/>\nTimotejen viks int!\u00ab<\/em><\/p>\n<p><em>Men om d\u00e4 va h\u00e5rlsk\u00f4tta<br \/>\nva&#8217;nt du s\u00e4 noga<br \/>\nvart boll&#8217;n for:<br \/>\n\u00bbJ\u00e4vla bra sk\u00f4tt!<br \/>\nHadd \u00e4 d\u00e4nne g\u00e5tt in<br \/>\nhadd \u00e4 vorte m\u00e5l!\u00ab<\/em><\/p>\n<p><em>Lite retfull<br \/>\nk\u00f4nne du v\u00e4ra,<br \/>\n\u00e5 en gang skrek du<br \/>\ns\u00e4 d\u00e4 h\u00f6rles<br \/>\n\u00f6ver h\u00e5lv e Helgum:<\/em><\/p>\n<p><em>\u00bbL\u00e4gg straffen du,<br \/>\nNils Eric,<br \/>\nsom ha tege student&#8217;n!\u00ab<\/em><\/p>\n<p><em>Fali sne&#8217;n straff vart e.<br \/>\nInge m\u00e5l,<br \/>\ninge stabbsk\u00f4tt ens.<\/em><\/p>\n<p style=\"text-align: left;\"><em>D\u00e4 vart inkast,<br \/>\n\u00e5 inge mer straffl\u00e4ggning<br \/>\nf\u00f6r min del.<br \/>\nMen bra mycke po\u00e4nga<br \/>\nskr\u00e4pa vi ihop<br \/>\ntack vare taktiken<br \/>\ndu l\u00e4rd oss<br \/>\nd\u00e5 d\u00e4 stog 0-0:<br \/>\n\u00bbSp\u00e4rk en<br \/>\n\u00e5t h\u00e4lvet!\u00ab<br \/>\nHur feck du na pengar<br \/>\n\u00e5 r\u00e4ck tell?<br \/>\nInt&#8217; fanns nan Bingo<br \/>\n\u00e5 int&#8217; feck vi na t\u00e5 kommun.<\/em><\/p>\n<p><em>Likt f\u00f6rbannat<br \/>\n\u00e5kt vi buss<br \/>\nb\u00e5 \u00e5t Graninge<br \/>\n\u00e5 \u00e5t Norr\u00e5ker.<\/em><\/p>\n<p><em>Ibland feck bussf\u00f6rarn<br \/>\nspela v\u00e4nsterytter.<\/em><\/p>\n<p><em>Han va in&#8217;t s\u00e4mst.<\/em><\/p>\n<p><em>\u00a0<\/em><\/p>\n<div id=\"attachment_455\" style=\"width: 192px\" class=\"wp-caption alignnone\"><a href=\"http:\/\/roan.junselebyar.se\/nyheter\/wp-content\/uploads\/2010\/10\/Nickel\u00f6pet.jpg\"><img loading=\"lazy\" decoding=\"async\" aria-describedby=\"caption-attachment-455\" class=\"size-medium wp-image-455\" title=\"L\u00f6psedeln\" src=\"http:\/\/roan.junselebyar.se\/nyheter\/wp-content\/uploads\/2010\/10\/Nickel\u00f6pet-182x300.jpg\" alt=\"L\u00f6psedeln\" width=\"182\" height=\"300\" srcset=\"https:\/\/roan.junselebyar.se\/nyheter\/wp-content\/uploads\/2010\/10\/Nickel\u00f6pet-182x300.jpg 182w, https:\/\/roan.junselebyar.se\/nyheter\/wp-content\/uploads\/2010\/10\/Nickel\u00f6pet.jpg 368w\" sizes=\"auto, (max-width: 182px) 100vw, 182px\" \/><\/a><p id=\"caption-attachment-455\" class=\"wp-caption-text\">L\u00f6psedeln<\/p><\/div>\n<p><strong>Minnesord i Svenska Dagbladet 22 april 200<\/strong>9<\/p>\n<p>Det \u00e4r inte m\u00e5nga f\u00f6runnat att bli profet i sin hembygd. Nicke Sj\u00f6din var ett undantag. P\u00e5 p\u00e5skaftonen \u00e4gnade lokaltidningen i \u00c5ngermanland, den som en g\u00e5ng bar det stolta namnet Nya Norrland, tre helsidor och hela l\u00f6psedeln \u00e5t hans bortg\u00e5ng.<\/p>\n<p>Gymnasiel\u00e4raren Nils Eric Sj\u00f6din hade fyllt 47 \u00e5r n\u00e4r han 1981 debuterade som f\u00f6rfattare, med diktsamlingen <em>Byssfolke<\/em>. Det dr\u00f6jde ytterligare 15 \u00e5r innan han blev Nicke Sj\u00f6din med sina l\u00e4sare. \u00c4nda fram till 1996, d\u00e5 han gav ut sin nionde samling, <em>Baka lag\u00e5rn<\/em>, stod det Nils Eric utanp\u00e5 b\u00f6ckerna.<\/p>\n<p>N\u00e4r han avled i p\u00e5skveckan, efter tv\u00e5 \u00e5rs kamp mot cancern, var namnet Nicke Sj\u00f6din sedan l\u00e4nge ett begrepp l\u00e5ngt utanf\u00f6r \u00c5ngermanlands gr\u00e4nser. Han somnade in p\u00e5 Sollefte\u00e5 sjukhus, aktiv till sin sista stund: han fick \u201dd\u00f6 mensch j\u00e4g lev\u201d, som han l\u00e5ter en av byborna, kallad Abram, s\u00e4ga i <em>Byssfolke<\/em>.<\/p>\n<p>\u00a0Den barndomens lilla by av sm\u00e5brukare och skogsarbetare som Nicke Sj\u00f6din skrev om heter R\u00f6\u00e5n och ligger i Junsele socken. D\u00e4r v\u00e4xte han upp p\u00e5 ett torp.<\/p>\n<p>Han var ensambarn, beg\u00e5vad och skulle k\u00f4stes p\u00e5: n\u00e4r han var 13 \u00e5r satte pappa Rickard honom p\u00e5 r\u00e4lsbussen till Sollefte\u00e5, d\u00e4r han tog realen och studenten. Sedan drog han vidare till Uppsala och en akademisk examen.<\/p>\n<p>Han blev gymnasiel\u00e4rare och var verksam som s\u00e5dan i Sollefte\u00e5 under tre \u00e5rtionden. I Sollefte\u00e5 kom han ocks\u00e5 att bo hela sitt vuxna liv. Men R\u00f6\u00e5n l\u00e4mnade han aldrig och R\u00f6\u00e5n l\u00e4mnade aldrig honom. De tv\u00e5 var ett.<\/p>\n<p>\u00a0R\u00f6\u00e5n \u00e4r n\u00e4rmaste granne till Junselevallen, min barndoms by. Vi umgicks inte, men Nicke Sj\u00f6din skickade mig sina b\u00f6cker och vi h\u00f6ll t\u00e4t kontakt under ett par \u00e5rtionden, \u00e4nda till slutet. Ibland v\u00e4xlade vi tio mejl samma kv\u00e4ll, n\u00e4r vi inte lyckades reda ut f\u00f6rledet i ordet tr\u00e5p\u00e4 eller begripa varf\u00f6r n\u00e5gon nybyggare i f\u00f6rrf\u00f6rra \u00e5rhundradet kallades J\u00e4rnes. Vi avbr\u00f6t mejlandet f\u00f6r att titta p\u00e5 fotboll i n\u00e5gon tv-kanal. N\u00e4sta morgon fortsatte vi.<\/p>\n<p>\u00a0Han hade sinne f\u00f6r svenska spr\u00e5ket och f\u00f6r ordens val\u00f6rer, inte minst den \u00e5ngermanl\u00e4ndska som var det enda spr\u00e5k vi kunde och anv\u00e4nde i barndomen.<\/p>\n<p>N\u00e4stan allt i hemtrakten f\u00f6riti\u2019n var vi \u00f6verens om. Nicke Sj\u00f6din hade gott minne. Bara p\u00e5 en punkt svek det: han hade sv\u00e5rt att minnas att R\u00f6\u00e5ns IF n\u00e5gonsin f\u00f6rlorade mot Junselevallens IF i fotbollens division VII \u00d6vre \u00c5dal p\u00e5 1950-talet. Om det kunde vi gnabbas.<\/p>\n<p>\u00a0Nicke Sj\u00f6din var \u00e4ven underh\u00e5llare, tidningskr\u00f6nik\u00f6r och revymakare, han medverkade ofta i radio och tv. Men f\u00f6rst och fr\u00e4mst var han f\u00f6rfattare. 16 b\u00f6cker blev det, varav elva diktsamlingar. Den elfte, <em>\u00c5tabak<\/em>, kom i h\u00f6stas.<\/p>\n<p>\u00a0In i det sista slipade han p\u00e5 manuset till en tolfte samling, som skulle f\u00e5 titeln <em>P\u00e5 annersia<\/em> (P\u00e5 den andra sidan). Den kommer ut senare i \u00e5r.<\/p>\n<p><em>Domen<\/em><\/p>\n<p><em>fo grass\u00e4r<\/em><\/p>\n<p><em>bra nog l\u00e4nge<\/em><\/p>\n<p><em>inna han ha skek\u00e4 s\u00e5nnt<\/em><\/p>\n<p><em>d\u00e4 du ha gjort<\/em><\/p>\n<p><em>\u00a0<\/em>(ur dikten om pappa Rickard, 1981)<\/p>\n<p><strong>\/\u00a0Hans O Alfredsson.<br \/>\n<\/strong><br \/>\nJournalist p\u00e5 V\u00e4sternorrlands Allehanda i Sollefte\u00e5 1968-79, fr\u00e5n 1980 p\u00e5 Svenska Dagbladet i Stockholm.<\/p>\n<p>\u00a0<\/p>\n<p>\u00a0<\/p>\n<p>\u00a0<\/p>\n<p><strong>Hittils utgivet:<\/strong><\/p>\n<p><em>Byssfolke 1981<\/em><\/p>\n<p><a href=\"http:\/\/roan.junselebyar.se\/nyheter\/wp-content\/uploads\/2010\/10\/byssfolke1.jpg\"><img loading=\"lazy\" decoding=\"async\" class=\"size-thumbnail wp-image-324 alignnone\" src=\"http:\/\/roan.junselebyar.se\/nyheter\/wp-content\/uploads\/2010\/10\/byssfolke1-150x150.jpg\" alt=\"Byssfolke\" width=\"150\" height=\"150\" \/><\/a><\/p>\n<p>\u00a0<\/p>\n<p><em>Kvinnfolke 1982<\/em><\/p>\n<p><a href=\"http:\/\/roan.junselebyar.se\/nyheter\/wp-content\/uploads\/2010\/10\/kvinnfolke.jpg\"><img loading=\"lazy\" decoding=\"async\" class=\"size-thumbnail wp-image-321 alignnone\" src=\"http:\/\/roan.junselebyar.se\/nyheter\/wp-content\/uploads\/2010\/10\/kvinnfolke-150x150.jpg\" alt=\"Kvinnfolke\" width=\"150\" height=\"150\" \/><\/a><\/p>\n<p>\u00a0<\/p>\n<p><em>\u00c5slappe 1983<\/em><\/p>\n<p><a href=\"http:\/\/roan.junselebyar.se\/nyheter\/wp-content\/uploads\/2010\/10\/aslappe1.jpg\"><img loading=\"lazy\" decoding=\"async\" class=\"size-thumbnail wp-image-323 alignnone\" src=\"http:\/\/roan.junselebyar.se\/nyheter\/wp-content\/uploads\/2010\/10\/aslappe1-150x150.jpg\" alt=\"\u00c5slappe\" width=\"150\" height=\"150\" \/><\/a><\/p>\n<p>\u00a0<\/p>\n<p><em>Gammelv\u00e4rla 1984<br \/>\nOd\u00f4gdern 1985<br \/>\n\u00c4ntligen m\u00e5ndag 1986<br \/>\nMinna 1987<\/em><br \/>\n<em>Rimsaltat 1989<br \/>\n<\/em>Ett urval radioaktiviteter<\/p>\n<p><em>Mesb\u00e4rarfolke&#8217; 1989<br \/>\nNymoa 1992<br \/>\nJ\u00f4nselm\u00e5le 1994<br \/>\nVersnoteringar 1995<\/em><\/p>\n<p><em>Baka lag\u00e5rn 1996<\/em><\/p>\n<p><a href=\"http:\/\/roan.junselebyar.se\/nyheter\/wp-content\/uploads\/2010\/10\/baka_lagarn1.jpg\"><img loading=\"lazy\" decoding=\"async\" class=\"size-thumbnail wp-image-384 alignnone\" src=\"http:\/\/roan.junselebyar.se\/nyheter\/wp-content\/uploads\/2010\/10\/baka_lagarn1-150x150.jpg\" alt=\"baka_lagarn\" width=\"150\" height=\"150\" \/><\/a><\/p>\n<p><em>\u00a0<\/em><em>Ett som anne 1999<br \/>\nPsalmversa j\u00e4g minns 2000<br \/>\n<\/em><\/p>\n<p><em>\u00c5tabak 2008<br \/>\n<\/em><em>\u00a0<\/em><\/p>\n<p><em>\u00c5tabak 2010 <\/em><em>CD-bok<br \/>\nUppl\u00e4sare Torbj\u00f6rn F\u00e4lldin<\/em><\/p>\n<p>\u00a0<\/p>\n<p><em>P\u00e5 annersia 2009<br \/>\n<strong>ISBN:<\/strong> 9789188672551. <em><strong>F\u00f6rlag:<\/strong> <span>Jengel F\u00f6rlag<\/span><\/em>.<\/em><\/p>\n<p><em><br \/>\n<\/em><a href=\"http:\/\/roan.junselebyar.se\/nyheter\/wp-content\/uploads\/2010\/10\/annersia.jpg\"><img loading=\"lazy\" decoding=\"async\" class=\"size-thumbnail wp-image-380  alignnone\" src=\"http:\/\/roan.junselebyar.se\/nyheter\/wp-content\/uploads\/2010\/10\/annersia-150x150.jpg\" alt=\"annersia\" width=\"150\" height=\"150\" \/><\/a><\/div>\n<div class=\"mceTemp\">\n<p>\u00a0<\/p>\n<p>\u00a0<\/p>\n<p><strong>B\u00f6cker tillsammans med andra<\/strong><\/p>\n<p><em>Versnoteringar 2008<\/em><\/p>\n<p><a href=\"http:\/\/roan.junselebyar.se\/nyheter\/wp-content\/uploads\/2010\/10\/Versnoteringar1.jpg\"><img loading=\"lazy\" decoding=\"async\" class=\"size-thumbnail wp-image-389 alignnone\" src=\"http:\/\/roan.junselebyar.se\/nyheter\/wp-content\/uploads\/2010\/10\/Versnoteringar1-150x150.jpg\" alt=\"Versnoteringar\" width=\"150\" height=\"150\" \/><\/a><\/p>\n<div id=\"description\">Dagsvers av Nicke och Jacke Sj\u00f6din om stort och sm\u00e5tt.<br \/>\nUtgiven av <strong>CEWE<\/strong> f\u00f6rlaget. <strong>ISBN:<\/strong> 9789175422176.<br \/>\nFinns i en begr\u00e4nsad upplaga hos <strong>Jengel F\u00f6rlag<\/strong>.\u00a0<\/div>\n<\/div>\n<p class=\"mceTemp\"><em>\u00a0<\/em><\/p>\n<p class=\"mceTemp\"><strong>DVD<\/strong><\/p>\n<p class=\"mceTemp\">Dokument\u00e4r 2008 <em>\u201dP\u00e5 min breda och fula dialekt\u201d<\/em>\u00a0 Av Mikael Wiklund Junsele<\/p>\n<p class=\"mceTemp\"><strong><br \/>\n<\/strong><object classid=\"clsid:d27cdb6e-ae6d-11cf-96b8-444553540000\" width=\"480\" height=\"385\" codebase=\"http:\/\/download.macromedia.com\/pub\/shockwave\/cabs\/flash\/swflash.cab#version=6,0,40,0\"><param name=\"allowFullScreen\" value=\"true\" \/><param name=\"allowscriptaccess\" value=\"always\" \/><param name=\"src\" value=\"http:\/\/www.youtube.com\/v\/7qbmT-lvEM4?fs=1&amp;hl=sv_SE\" \/><param name=\"allowfullscreen\" value=\"true\" \/><embed type=\"application\/x-shockwave-flash\" width=\"480\" height=\"385\" src=\"http:\/\/www.youtube.com\/v\/7qbmT-lvEM4?fs=1&amp;hl=sv_SE\" allowfullscreen=\"true\" allowscriptaccess=\"always\"><\/embed><\/object><\/p>\n<p class=\"mceTemp\"><span style=\"color: #000000;\">Se filmtrailern.<\/span><\/p>\n<p class=\"mceTemp\">\u00a0<\/p>\n<p class=\"mceTemp\"><a href=\"http:\/\/www.youtube.com\/watch?v=7qbmT-lvEM4\"><\/a><\/p>\n<p class=\"mceTemp\">\u00a0<\/p>\n","protected":false},"excerpt":{"rendered":"<p>\u00a0I skrivlyan p\u00e5 Bruket i Sollefte\u00e5.\u00a0 Foto: H\u00e5kan Humla Sundsvalls Tidning. Nils-Eric &#8220;Nicke&#8221; Sj\u00f6din 1934.07.21 &#8211; 2009.04.09.\u00a0 St\u00f6d Nicke Sj\u00f6dins\u00a0minnesfond,\u00a0Bankgiro 401-3900 \u00a0 Arbetade som gymnasiel\u00e4rare i Sollefte\u00e5. 1981 utkom hans f\u00f6rsta bok &#8216;Byssfolke&#8217; &#8211; skriven p\u00e5 genuint R\u00f6\u00e5-m\u00e5l. Nicke har genom sin verksamhet f\u00f6rs\u00f6kt g\u00f6ra v\u00e5r by k\u00e4nd \u00e4ven via tidningar, radio och TV och [&hellip;]<\/p>\n","protected":false},"author":3,"featured_media":0,"parent":54,"menu_order":0,"comment_status":"open","ping_status":"open","template":"","meta":{"footnotes":""},"class_list":["post-289","page","type-page","status-publish","hentry"],"_links":{"self":[{"href":"https:\/\/roan.junselebyar.se\/index.php?rest_route=\/wp\/v2\/pages\/289","targetHints":{"allow":["GET"]}}],"collection":[{"href":"https:\/\/roan.junselebyar.se\/index.php?rest_route=\/wp\/v2\/pages"}],"about":[{"href":"https:\/\/roan.junselebyar.se\/index.php?rest_route=\/wp\/v2\/types\/page"}],"author":[{"embeddable":true,"href":"https:\/\/roan.junselebyar.se\/index.php?rest_route=\/wp\/v2\/users\/3"}],"replies":[{"embeddable":true,"href":"https:\/\/roan.junselebyar.se\/index.php?rest_route=%2Fwp%2Fv2%2Fcomments&post=289"}],"version-history":[{"count":65,"href":"https:\/\/roan.junselebyar.se\/index.php?rest_route=\/wp\/v2\/pages\/289\/revisions"}],"predecessor-version":[{"id":291,"href":"https:\/\/roan.junselebyar.se\/index.php?rest_route=\/wp\/v2\/pages\/289\/revisions\/291"}],"up":[{"embeddable":true,"href":"https:\/\/roan.junselebyar.se\/index.php?rest_route=\/wp\/v2\/pages\/54"}],"wp:attachment":[{"href":"https:\/\/roan.junselebyar.se\/index.php?rest_route=%2Fwp%2Fv2%2Fmedia&parent=289"}],"curies":[{"name":"wp","href":"https:\/\/api.w.org\/{rel}","templated":true}]}}