{"id":65,"date":"2010-08-12T21:10:53","date_gmt":"2010-08-12T19:10:53","guid":{"rendered":"http:\/\/roan.junselebyar.se\/nyheter\/?page_id=65"},"modified":"2015-01-10T18:08:53","modified_gmt":"2015-01-10T17:08:53","slug":"evenemang","status":"publish","type":"page","link":"https:\/\/roan.junselebyar.se\/?page_id=65","title":{"rendered":"Evenemang"},"content":{"rendered":"<p>Sedan R\u00f6\u00e5ns Byalag bildades 1997 har det \u00e5rligen arrangerats\u00a0v\u00e4lbes\u00f6kta och uppskattade festligheter.<span id=\"_marker\"> <\/span><\/p>\n<p><a href=\"http:\/\/roan.junselebyar.se\/nyheter\/wp-content\/uploads\/2010\/08\/invmarkn1.jpg\"><img loading=\"lazy\" decoding=\"async\" title=\"Spelmansmarknad\" class=\"size-medium wp-image-92 alignnone\" src=\"http:\/\/roan.junselebyar.se\/nyheter\/wp-content\/uploads\/2010\/08\/invmarkn1-300x220.jpg\" alt=\"Spelmansmarknad\" width=\"300\" height=\"220\" srcset=\"https:\/\/roan.junselebyar.se\/nyheter\/wp-content\/uploads\/2010\/08\/invmarkn1-300x220.jpg 300w, https:\/\/roan.junselebyar.se\/nyheter\/wp-content\/uploads\/2010\/08\/invmarkn1.jpg 387w\" sizes=\"auto, (max-width: 300px) 100vw, 300px\" \/><\/a><\/p>\n<p>Invigning av R\u00f6\u00e5ns Spelmansmarknad 1997. St\u00e5tlig parad\u00a0fr\u00e5n marknadsplatsen till st\u00e4mmoplatsen, med Nicke Sj\u00f6din i spetsen.<\/p>\n<div id=\"attachment_103\" style=\"width: 302px\" class=\"wp-caption alignnone\"><a href=\"http:\/\/roan.junselebyar.se\/nyheter\/wp-content\/uploads\/2010\/08\/kamskok1.jpg\"><img loading=\"lazy\" decoding=\"async\" aria-describedby=\"caption-attachment-103\" title=\"Kamskok\" class=\"size-full wp-image-103\" src=\"http:\/\/roan.junselebyar.se\/nyheter\/wp-content\/uploads\/2010\/08\/kamskok1.jpg\" alt=\"Kamskok\" width=\"292\" height=\"276\" \/><\/a><p id=\"caption-attachment-103\" class=\"wp-caption-text\">Kamskok<\/p><\/div>\n<p>Tv\u00e5 av de tidigaste kamskokerskorna, 1997.<\/p>\n<div id=\"attachment_106\" style=\"width: 310px\" class=\"wp-caption alignnone\"><a href=\"http:\/\/roan.junselebyar.se\/nyheter\/wp-content\/uploads\/2010\/08\/zeunertsr.jpg\"><img loading=\"lazy\" decoding=\"async\" aria-describedby=\"caption-attachment-106\" title=\"Ankracet\" class=\"size-medium wp-image-106\" src=\"http:\/\/roan.junselebyar.se\/nyheter\/wp-content\/uploads\/2010\/08\/zeunertsr-300x170.jpg\" alt=\"Ankracet\" width=\"300\" height=\"170\" srcset=\"https:\/\/roan.junselebyar.se\/nyheter\/wp-content\/uploads\/2010\/08\/zeunertsr-300x170.jpg 300w, https:\/\/roan.junselebyar.se\/nyheter\/wp-content\/uploads\/2010\/08\/zeunertsr.jpg 446w\" sizes=\"auto, (max-width: 300px) 100vw, 300px\" \/><\/a><p id=\"caption-attachment-106\" class=\"wp-caption-text\">Ankracet<\/p><\/div>\n<p>M\u00e5lg\u00e5ng i Zeunerts Race 1997.<\/p>\n<p>Spelmansmarknaden var de f\u00f6rsta \u00e5ren uppdelad p\u00e5 tv\u00e5 omr\u00e5den, marknadsplatsen och st\u00e4mmoplatsen.<\/p>\n<p>P\u00e5 marknadsplatsen h\u00f6lls en v\u00e4lbes\u00f6kt marknad med en p\u00e5tagligt inslag av gediget hantverk. D\u00e4r fanns \u00e4ven ett serveringst\u00e4lt och en grill och underh\u00e5llning fr\u00e5n en scenvagn. Till denna plats \u00e4r numera(sedan 2004) hela marknaden f\u00f6rlagd.<\/p>\n<p>P\u00e5 st\u00e4mmoplatsen \u00e4gde <a href=\"http:\/\/roan.junselebyar.se\/nyheter\/wp-admin\/2003sm.html\">Kams-SM<\/a> rum. D\u00e4r buskspelas det och i den mysiga logen kunde man ta sig en sv\u00e4ngom. I puben serverades bl.a. l\u00e4tt\u00f6l och p\u00e5 omr\u00e5det stektes det kolbullar och hamburgare. Byns egen kams,\u00a0 hade en strykande \u00e5tg\u00e5ng och har alltid tagit slut. I \u00e5n &#8220;k\u00f6rdes&#8221; Zeunerts race med m\u00e5nga fina priser. Och p\u00e5 kv\u00e4llarna underh\u00f6ll artister fr\u00e5n scenvagnen. Under \u00e5ren fick vi h\u00e4r m\u00f6ta m\u00e5nga fina <a href=\"http:\/\/roan.junselebyar.se\/nyheter\/wp-admin\/marknadsartister.html\">artister.<\/a><\/p>\n<div id=\"attachment_108\" style=\"width: 310px\" class=\"wp-caption alignnone\"><a href=\"http:\/\/roan.junselebyar.se\/nyheter\/wp-content\/uploads\/2010\/08\/fiol.jpg\"><img loading=\"lazy\" decoding=\"async\" aria-describedby=\"caption-attachment-108\" title=\"Fiol\" class=\"size-medium wp-image-108\" src=\"http:\/\/roan.junselebyar.se\/nyheter\/wp-content\/uploads\/2010\/08\/fiol-300x221.jpg\" alt=\"Fiol\" width=\"300\" height=\"221\" srcset=\"https:\/\/roan.junselebyar.se\/nyheter\/wp-content\/uploads\/2010\/08\/fiol-300x221.jpg 300w, https:\/\/roan.junselebyar.se\/nyheter\/wp-content\/uploads\/2010\/08\/fiol.jpg 738w\" sizes=\"auto, (max-width: 300px) 100vw, 300px\" \/><\/a><p id=\"caption-attachment-108\" class=\"wp-caption-text\">Fiol<\/p><\/div>\n<p>Buskspel 2001<br \/>\n<strong><span style=\"color: #ffffff;\">tta lag deltog i detta f\u00f6rsta m\u00e4sterskap i sitt slag.<\/span><\/strong><br \/>\n<strong><span style=\"color: #ffffff;\">Segrare och Sveriges f\u00f6rsta m\u00e4stare i kamskokning<\/span><\/strong><\/p>\n<div id=\"attachment_111\" style=\"width: 264px\" class=\"wp-caption alignnone\"><a href=\"http:\/\/roan.junselebyar.se\/nyheter\/wp-content\/uploads\/2010\/08\/guld1.jpg\"><img loading=\"lazy\" decoding=\"async\" aria-describedby=\"caption-attachment-111\" title=\"F\u00f6rstapris i kams\" class=\"size-medium wp-image-111\" src=\"http:\/\/roan.junselebyar.se\/nyheter\/wp-content\/uploads\/2010\/08\/guld1-254x300.jpg\" alt=\"F\u00f6rstapris i kams\" width=\"254\" height=\"300\" srcset=\"https:\/\/roan.junselebyar.se\/nyheter\/wp-content\/uploads\/2010\/08\/guld1-254x300.jpg 254w, https:\/\/roan.junselebyar.se\/nyheter\/wp-content\/uploads\/2010\/08\/guld1.jpg 520w\" sizes=\"auto, (max-width: 254px) 100vw, 254px\" \/><\/a><p id=\"caption-attachment-111\" class=\"wp-caption-text\">F\u00f6rstapris i kams<\/p><\/div>\n<p>Anita Bergmark Sveriges f\u00f6rsta m\u00e4starinna i kamskokning, 2001.<\/p>\n<p>Hemv\u00e4rnets Dag f\u00f6rlades fr.o.m 2003 till R\u00f6\u00e5n i anslutning till byns marknadsplats.<\/p>\n<div id=\"attachment_113\" style=\"width: 310px\" class=\"wp-caption alignnone\"><a href=\"http:\/\/roan.junselebyar.se\/nyheter\/wp-content\/uploads\/2010\/08\/2003hemvarnorkester.jpg\"><img loading=\"lazy\" decoding=\"async\" aria-describedby=\"caption-attachment-113\" title=\"Hemv\u00e4rnsorkestern\" class=\"size-medium wp-image-113\" src=\"http:\/\/roan.junselebyar.se\/nyheter\/wp-content\/uploads\/2010\/08\/2003hemvarnorkester-300x218.jpg\" alt=\"Hemv\u00e4rnsorkestern\" width=\"300\" height=\"218\" srcset=\"https:\/\/roan.junselebyar.se\/nyheter\/wp-content\/uploads\/2010\/08\/2003hemvarnorkester-300x218.jpg 300w, https:\/\/roan.junselebyar.se\/nyheter\/wp-content\/uploads\/2010\/08\/2003hemvarnorkester.jpg 648w\" sizes=\"auto, (max-width: 300px) 100vw, 300px\" \/><\/a><p id=\"caption-attachment-113\" class=\"wp-caption-text\">Hemv\u00e4rnsorkestern<\/p><\/div>\n<p>Hemv\u00e4rnets Musikk\u00e5r i paraduniform, 2003.<\/p>\n<p>Det gick som en dans att steka fl\u00e4sk, n\u00e4r man var m\u00e5nga och hade en Yvonne, som underh\u00f6ll p\u00e5 dragspel. &#8220;Tr\u00f6ndrebrua&#8221; ( med reservation f\u00f6r ev. felstavning) var en favorit. Yvonne har r\u00f6tter i R\u00f6\u00e5n. Hadar J\u00f6nsson, k\u00e4nd speleman,\u00a0 var hennes far.\u00a0 50 kilo fl\u00e4sk stekte R\u00f6\u00e5ns damer\u00a0 till byns kamsf\u00f6rs\u00e4ljning och ytterligare 15 kilo till kolbullarna. Det tog ca 11 timmar och \u00e5ret var 2003.<\/p>\n<div id=\"attachment_115\" style=\"width: 310px\" class=\"wp-caption alignnone\"><a href=\"http:\/\/roan.junselebyar.se\/nyheter\/wp-content\/uploads\/2010\/08\/flaskstekning.jpg\"><img loading=\"lazy\" decoding=\"async\" aria-describedby=\"caption-attachment-115\" title=\"Fl\u00e4skstekning\" class=\"size-medium wp-image-115\" src=\"http:\/\/roan.junselebyar.se\/nyheter\/wp-content\/uploads\/2010\/08\/flaskstekning-300x248.jpg\" alt=\"Fl\u00e4skstekning\" width=\"300\" height=\"248\" srcset=\"https:\/\/roan.junselebyar.se\/nyheter\/wp-content\/uploads\/2010\/08\/flaskstekning-300x248.jpg 300w, https:\/\/roan.junselebyar.se\/nyheter\/wp-content\/uploads\/2010\/08\/flaskstekning.jpg 648w\" sizes=\"auto, (max-width: 300px) 100vw, 300px\" \/><\/a><p id=\"caption-attachment-115\" class=\"wp-caption-text\">Fl\u00e4skstekning<\/p><\/div>\n<p>Glada fl\u00e4skstekerskor.<\/p>\n<div id=\"attachment_118\" style=\"width: 211px\" class=\"wp-caption alignnone\"><a href=\"http:\/\/roan.junselebyar.se\/nyheter\/wp-content\/uploads\/2010\/08\/invigning2003nicke1.jpg\"><img loading=\"lazy\" decoding=\"async\" aria-describedby=\"caption-attachment-118\" title=\"Invigning 2003\" class=\"size-medium wp-image-118\" src=\"http:\/\/roan.junselebyar.se\/nyheter\/wp-content\/uploads\/2010\/08\/invigning2003nicke1-201x300.jpg\" alt=\"Invigning 2003\" width=\"201\" height=\"300\" srcset=\"https:\/\/roan.junselebyar.se\/nyheter\/wp-content\/uploads\/2010\/08\/invigning2003nicke1-201x300.jpg 201w, https:\/\/roan.junselebyar.se\/nyheter\/wp-content\/uploads\/2010\/08\/invigning2003nicke1.jpg 402w\" sizes=\"auto, (max-width: 201px) 100vw, 201px\" \/><\/a><p id=\"caption-attachment-118\" class=\"wp-caption-text\">Invigning 2003<\/p><\/div>\n<p>Nicke Sj\u00f6din, uppskattad och\u00a0 publikdragande konferencier.<\/p>\n<div id=\"attachment_124\" style=\"width: 218px\" class=\"wp-caption alignnone\"><a href=\"http:\/\/roan.junselebyar.se\/nyheter\/wp-content\/uploads\/2010\/08\/2003nicke.jpg\"><img loading=\"lazy\" decoding=\"async\" aria-describedby=\"caption-attachment-124\" title=\"Husse och hund\" class=\"size-medium wp-image-124\" src=\"http:\/\/roan.junselebyar.se\/nyheter\/wp-content\/uploads\/2010\/08\/2003nicke-208x300.jpg\" alt=\"Husse och hund\" width=\"208\" height=\"300\" srcset=\"https:\/\/roan.junselebyar.se\/nyheter\/wp-content\/uploads\/2010\/08\/2003nicke-208x300.jpg 208w, https:\/\/roan.junselebyar.se\/nyheter\/wp-content\/uploads\/2010\/08\/2003nicke.jpg 401w\" sizes=\"auto, (max-width: 208px) 100vw, 208px\" \/><\/a><p id=\"caption-attachment-124\" class=\"wp-caption-text\">Husse och hund<\/p><\/div>\n<p>&#8230;beh\u00f6vde\u00a0emellan\u00e5t lite vila och mat.<span style=\"font-size: xx-small;\"> <\/span><\/p>\n<p><span style=\"font-size: xx-small;\"> <\/span><\/p>\n<div id=\"attachment_126\" style=\"width: 310px\" class=\"wp-caption alignnone\"><a href=\"http:\/\/roan.junselebyar.se\/nyheter\/wp-content\/uploads\/2010\/08\/invigning2003allspel.jpg\"><strong><img loading=\"lazy\" decoding=\"async\" aria-describedby=\"caption-attachment-126\" title=\"Invigning 2003\" class=\"size-medium wp-image-126\" src=\"http:\/\/roan.junselebyar.se\/nyheter\/wp-content\/uploads\/2010\/08\/invigning2003allspel-300x235.jpg\" alt=\"Invigning 2003\" width=\"300\" height=\"235\" srcset=\"https:\/\/roan.junselebyar.se\/nyheter\/wp-content\/uploads\/2010\/08\/invigning2003allspel-300x235.jpg 300w, https:\/\/roan.junselebyar.se\/nyheter\/wp-content\/uploads\/2010\/08\/invigning2003allspel.jpg 648w\" sizes=\"auto, (max-width: 300px) 100vw, 300px\" \/><\/strong><\/a><p id=\"caption-attachment-126\" class=\"wp-caption-text\">Invigning 2003<\/p><\/div>\n<p><strong><br \/>\n<\/strong>Om du vill se ett urval av de artister, som upptr\u00e4tt i anslutning till R\u00f6\u00e5ns Spelmansmarknad (fr.o.m 2004 R\u00f6\u00e5ns Kams &amp; Dansmarknad) finns de under l\u00e4nken <a href=\"http:\/\/roan.junselebyar.se\/marknadsartister.html\">ARTISTER.<\/a> Marknaden 2006 blev extra festlig eftersom vi firade\u00a0 byns 250 \u00e5rsjubileum.&gt;<a href=\"http:\/\/roan.junselebyar.se\/jubelmarknad1.html\"><strong>Jubileumsmarknaden 2006<\/strong><\/a> <a href=\"http:\/\/roan.junselebyar.se\/euskefeurat.html\"><strong>Sommarfesten 2007<\/strong><\/a><\/p>\n<p><strong> <\/strong><\/p>\n","protected":false},"excerpt":{"rendered":"<p>Sedan R\u00f6\u00e5ns Byalag bildades 1997 har det \u00e5rligen arrangerats\u00a0v\u00e4lbes\u00f6kta och uppskattade festligheter. Invigning av R\u00f6\u00e5ns Spelmansmarknad 1997. St\u00e5tlig parad\u00a0fr\u00e5n marknadsplatsen till st\u00e4mmoplatsen, med Nicke Sj\u00f6din i spetsen. Tv\u00e5 av de tidigaste kamskokerskorna, 1997. M\u00e5lg\u00e5ng i Zeunerts Race 1997. Spelmansmarknaden var de f\u00f6rsta \u00e5ren uppdelad p\u00e5 tv\u00e5 omr\u00e5den, marknadsplatsen och st\u00e4mmoplatsen. P\u00e5 marknadsplatsen h\u00f6lls en v\u00e4lbes\u00f6kt [&hellip;]<\/p>\n","protected":false},"author":1,"featured_media":0,"parent":0,"menu_order":5,"comment_status":"open","ping_status":"open","template":"","meta":{"footnotes":""},"class_list":["post-65","page","type-page","status-publish","hentry"],"_links":{"self":[{"href":"https:\/\/roan.junselebyar.se\/index.php?rest_route=\/wp\/v2\/pages\/65","targetHints":{"allow":["GET"]}}],"collection":[{"href":"https:\/\/roan.junselebyar.se\/index.php?rest_route=\/wp\/v2\/pages"}],"about":[{"href":"https:\/\/roan.junselebyar.se\/index.php?rest_route=\/wp\/v2\/types\/page"}],"author":[{"embeddable":true,"href":"https:\/\/roan.junselebyar.se\/index.php?rest_route=\/wp\/v2\/users\/1"}],"replies":[{"embeddable":true,"href":"https:\/\/roan.junselebyar.se\/index.php?rest_route=%2Fwp%2Fv2%2Fcomments&post=65"}],"version-history":[{"count":55,"href":"https:\/\/roan.junselebyar.se\/index.php?rest_route=\/wp\/v2\/pages\/65\/revisions"}],"predecessor-version":[{"id":1845,"href":"https:\/\/roan.junselebyar.se\/index.php?rest_route=\/wp\/v2\/pages\/65\/revisions\/1845"}],"wp:attachment":[{"href":"https:\/\/roan.junselebyar.se\/index.php?rest_route=%2Fwp%2Fv2%2Fmedia&parent=65"}],"curies":[{"name":"wp","href":"https:\/\/api.w.org\/{rel}","templated":true}]}}